{"id":274,"date":"2016-11-10T16:41:00","date_gmt":"2016-11-10T19:41:00","guid":{"rendered":"https:\/\/oceanwp.org\/architect\/?page_id=274"},"modified":"2020-11-14T18:39:42","modified_gmt":"2020-11-14T21:39:42","slug":"cabanas-1-y-2","status":"publish","type":"page","link":"https:\/\/www.lugarquerido.com.ar\/alquilar-valeria\/cabanas-1-y-2\/","title":{"rendered":"Caba\u00f1as 1 y 2"},"content":{"rendered":"\t\t<div data-elementor-type=\"wp-post\" data-elementor-id=\"274\" class=\"elementor elementor-274 elementor-bc-flex-widget\">\n\t\t\t\t\t\t<section class=\"elementor-section elementor-top-section elementor-element elementor-element-o0r72cj elementor-section-full_width elementor-hidden-tablet elementor-hidden-phone elementor-section-height-default elementor-section-height-default\" data-id=\"o0r72cj\" data-element_type=\"section\" data-e-type=\"section\" data-settings=\"{&quot;background_background&quot;:&quot;classic&quot;}\">\n\t\t\t\t\t\t<div class=\"elementor-container elementor-column-gap-wide\">\n\t\t\t\t\t<div class=\"elementor-column elementor-col-100 elementor-top-column elementor-element elementor-element-61d7b28\" data-id=\"61d7b28\" data-element_type=\"column\" data-e-type=\"column\">\n\t\t\t<div class=\"elementor-widget-wrap elementor-element-populated\">\n\t\t\t\t\t\t<div class=\"elementor-element elementor-element-162ac23 elementor-widget elementor-widget-spacer\" data-id=\"162ac23\" data-element_type=\"widget\" data-e-type=\"widget\" data-widget_type=\"spacer.default\">\n\t\t\t\t<div class=\"elementor-widget-container\">\n\t\t\t\t\t\t\t<div class=\"elementor-spacer\">\n\t\t\t<div class=\"elementor-spacer-inner\"><\/div>\n\t\t<\/div>\n\t\t\t\t\t\t<\/div>\n\t\t\t\t<\/div>\n\t\t\t\t<div class=\"elementor-element elementor-element-ad0e865 elementor-widget elementor-widget-heading\" data-id=\"ad0e865\" data-element_type=\"widget\" data-e-type=\"widget\" data-widget_type=\"heading.default\">\n\t\t\t\t<div class=\"elementor-widget-container\">\n\t\t\t\t\t<h1 class=\"elementor-heading-title elementor-size-default\">Caba\u00f1as 1 y 2<\/h1>\t\t\t\t<\/div>\n\t\t\t\t<\/div>\n\t\t\t\t<section class=\"elementor-section elementor-inner-section elementor-element elementor-element-a9899f3 elementor-section-full_width elementor-section-height-min-height elementor-section-content-top elementor-hidden-phone elementor-section-height-default\" data-id=\"a9899f3\" data-element_type=\"section\" data-e-type=\"section\" data-settings=\"{&quot;background_background&quot;:&quot;classic&quot;}\">\n\t\t\t\t\t\t<div class=\"elementor-container elementor-column-gap-narrow\">\n\t\t\t\t\t<div class=\"elementor-column elementor-col-20 elementor-inner-column elementor-element elementor-element-8fbc8e1\" data-id=\"8fbc8e1\" data-element_type=\"column\" data-e-type=\"column\" data-settings=\"{&quot;background_background&quot;:&quot;classic&quot;}\">\n\t\t\t<div class=\"elementor-widget-wrap elementor-element-populated\">\n\t\t\t\t\t\t<div class=\"elementor-element elementor-element-4e3bf90 elementor-widget elementor-widget-text-editor\" data-id=\"4e3bf90\" data-element_type=\"widget\" data-e-type=\"widget\" data-widget_type=\"text-editor.default\">\n\t\t\t\t<div class=\"elementor-widget-container\">\n\t\t\t\t\t\t\t\t\t<p style=\"text-align: center;\"><span style=\"font-size: 10pt; font-weight: normal;\">Capacidad m\u00e1xima: 5 personas<br \/><\/span><span style=\"font-size: 10pt; font-weight: normal;\">2 d\u00faplex de 56 mts2 al frente del complejo<\/span><\/p><h2 style=\"text-align: center;\"><span style=\"color: #f08832; font-family: borealis;\">Caba\u00f1a Planta Alta<\/span><\/h2><h4 style=\"text-align: center;\"><span style=\"font-weight: normal;\"><span style=\"font-size: 10pt;\">&#8211; Dormitorio matrimonial c\/ balc\u00f3n<br \/><\/span><span style=\"font-size: 10pt;\">&#8211; Dormitorio con una cama cucheta (marinera)<br \/><\/span><span style=\"font-size: 10pt;\">&#8211; 1 cama simple<br \/><\/span><span style=\"font-size: 10pt;\">&#8211; Placard en cada cuarto<br \/><\/span><span style=\"font-size: 10pt;\">-Entrepiso de madera <\/span><span style=\"font-size: 10pt;\">&#8211; Escalera caracol<br \/><\/span><span style=\"font-size: 10pt;\">&#8211; Cierre de seguridad para ni\u00f1os<\/span><\/span><\/h4><h2 style=\"text-align: center;\"><span style=\"color: #f08832; font-family: borealis; font-size: 18pt;\">Caba\u00f1a Planta Baja<\/span><\/h2><h4 style=\"text-align: center;\"><span style=\"font-size: 10pt;\">&#8211; Living comedor<br \/><\/span><span style=\"font-size: 10pt;\">&#8211; 1 sill\u00f3n de dos cuerpos<br \/><\/span><span style=\"font-size: 10pt;\">&#8211; Mesa redonda con cinco sillas<br \/><\/span><span style=\"font-size: 10pt;\">&#8211; Calefactor<br \/><\/span><span style=\"font-size: 10pt;\">&#8211; Ba\u00f1o completo con ducha<br \/><\/span><span style=\"font-size: 10pt;\">&#8211; Cocina<\/span><\/h4><h2 style=\"text-align: center;\"><span style=\"color: #f08832; font-family: borealis;\">Exterior\u00a0<\/span><\/h2><p><span style=\"font-size: 10pt;\">&#8211; Parrilla &#8211; Lavadero techado<br \/><\/span><span style=\"font-size: 10pt;\">&#8211; Deck con mesa y sillas de jard\u00edn<\/span><\/p>\t\t\t\t\t\t\t\t<\/div>\n\t\t\t\t<\/div>\n\t\t\t\t\t<\/div>\n\t\t<\/div>\n\t\t\t\t<div class=\"elementor-column elementor-col-20 elementor-inner-column elementor-element elementor-element-496e54d\" data-id=\"496e54d\" data-element_type=\"column\" data-e-type=\"column\">\n\t\t\t<div class=\"elementor-widget-wrap elementor-element-populated\">\n\t\t\t\t\t\t<div class=\"elementor-element elementor-element-c6a0de1 elementor-widget elementor-widget-image\" data-id=\"c6a0de1\" data-element_type=\"widget\" data-e-type=\"widget\" data-widget_type=\"image.default\">\n\t\t\t\t<div class=\"elementor-widget-container\">\n\t\t\t\t\t\t\t\t\t\t\t\t\t\t\t\t<a href=\"https:\/\/www.lugarquerido.com.ar\/alquilar-valeria\/wp-content\/uploads\/2019\/12\/12189049_457797907737877_3413543637636721329_n.jpg\" data-elementor-open-lightbox=\"yes\" data-e-action-hash=\"#elementor-action%3Aaction%3Dlightbox%26settings%3DeyJpZCI6ODk3LCJ1cmwiOiJodHRwczpcL1wvd3d3Lmx1Z2FycXVlcmlkby5jb20uYXJcL2FscXVpbGFyLXZhbGVyaWFcL3dwLWNvbnRlbnRcL3VwbG9hZHNcLzIwMTlcLzEyXC8xMjE4OTA0OV80NTc3OTc5MDc3Mzc4NzdfMzQxMzU0MzYzNzYzNjcyMTMyOV9uLmpwZyJ9\">\n\t\t\t\t\t\t\t<img decoding=\"async\" width=\"150\" height=\"150\" src=\"https:\/\/www.lugarquerido.com.ar\/alquilar-valeria\/wp-content\/uploads\/2019\/12\/12189049_457797907737877_3413543637636721329_n-150x150.jpg\" class=\"elementor-animation-grow attachment-thumbnail size-thumbnail wp-image-897\" alt=\"cocina valeria\" \/>\t\t\t\t\t\t\t\t<\/a>\n\t\t\t\t\t\t\t\t\t\t\t\t\t\t\t<\/div>\n\t\t\t\t<\/div>\n\t\t\t\t<div class=\"elementor-element elementor-element-d064465 elementor-widget elementor-widget-image\" data-id=\"d064465\" data-element_type=\"widget\" data-e-type=\"widget\" data-widget_type=\"image.default\">\n\t\t\t\t<div class=\"elementor-widget-container\">\n\t\t\t\t\t\t\t\t\t\t\t\t\t\t\t\t<a href=\"https:\/\/www.lugarquerido.com.ar\/alquilar-valeria\/wp-content\/uploads\/2019\/02\/cab_1y2-11.jpg\" data-elementor-open-lightbox=\"yes\" data-e-action-hash=\"#elementor-action%3Aaction%3Dlightbox%26settings%3DeyJpZCI6NTI3LCJ1cmwiOiJodHRwczpcL1wvd3d3Lmx1Z2FycXVlcmlkby5jb20uYXJcL2FscXVpbGFyLXZhbGVyaWFcL3dwLWNvbnRlbnRcL3VwbG9hZHNcLzIwMTlcLzAyXC9jYWJfMXkyLTExLmpwZyJ9\">\n\t\t\t\t\t\t\t<img decoding=\"async\" width=\"150\" height=\"150\" src=\"https:\/\/www.lugarquerido.com.ar\/alquilar-valeria\/wp-content\/uploads\/2019\/02\/cab_1y2-11-150x150.jpg\" class=\"elementor-animation-grow attachment-thumbnail size-thumbnail wp-image-527\" alt=\"deck caba\u00f1a 1 y 2 valeria\" \/>\t\t\t\t\t\t\t\t<\/a>\n\t\t\t\t\t\t\t\t\t\t\t\t\t\t\t<\/div>\n\t\t\t\t<\/div>\n\t\t\t\t<div class=\"elementor-element elementor-element-8761cad elementor-widget elementor-widget-image\" data-id=\"8761cad\" data-element_type=\"widget\" data-e-type=\"widget\" data-widget_type=\"image.default\">\n\t\t\t\t<div class=\"elementor-widget-container\">\n\t\t\t\t\t\t\t\t\t\t\t\t\t\t\t\t<a href=\"https:\/\/www.lugarquerido.com.ar\/alquilar-valeria\/wp-content\/uploads\/2019\/02\/cab_1y2-10.jpg\" data-elementor-open-lightbox=\"yes\" data-e-action-hash=\"#elementor-action%3Aaction%3Dlightbox%26settings%3DeyJpZCI6NTI2LCJ1cmwiOiJodHRwczpcL1wvd3d3Lmx1Z2FycXVlcmlkby5jb20uYXJcL2FscXVpbGFyLXZhbGVyaWFcL3dwLWNvbnRlbnRcL3VwbG9hZHNcLzIwMTlcLzAyXC9jYWJfMXkyLTEwLmpwZyJ9\">\n\t\t\t\t\t\t\t<img decoding=\"async\" width=\"150\" height=\"150\" src=\"https:\/\/www.lugarquerido.com.ar\/alquilar-valeria\/wp-content\/uploads\/2019\/02\/cab_1y2-10-150x150.jpg\" class=\"elementor-animation-grow attachment-thumbnail size-thumbnail wp-image-526\" alt=\"parrilla y deck caba\u00f1a 1 y 2\" \/>\t\t\t\t\t\t\t\t<\/a>\n\t\t\t\t\t\t\t\t\t\t\t\t\t\t\t<\/div>\n\t\t\t\t<\/div>\n\t\t\t\t\t<\/div>\n\t\t<\/div>\n\t\t\t\t<div class=\"elementor-column elementor-col-20 elementor-inner-column elementor-element elementor-element-e22e954\" data-id=\"e22e954\" data-element_type=\"column\" data-e-type=\"column\">\n\t\t\t<div class=\"elementor-widget-wrap elementor-element-populated\">\n\t\t\t\t\t\t<div class=\"elementor-element elementor-element-f3a40a4 elementor-widget elementor-widget-image\" data-id=\"f3a40a4\" data-element_type=\"widget\" data-e-type=\"widget\" data-widget_type=\"image.default\">\n\t\t\t\t<div class=\"elementor-widget-container\">\n\t\t\t\t\t\t\t\t\t\t\t\t\t\t\t\t<a href=\"https:\/\/www.lugarquerido.com.ar\/alquilar-valeria\/wp-content\/uploads\/2019\/02\/cab_1y2-08.jpg\" data-elementor-open-lightbox=\"yes\" data-e-action-hash=\"#elementor-action%3Aaction%3Dlightbox%26settings%3DeyJpZCI6NTI0LCJ1cmwiOiJodHRwczpcL1wvd3d3Lmx1Z2FycXVlcmlkby5jb20uYXJcL2FscXVpbGFyLXZhbGVyaWFcL3dwLWNvbnRlbnRcL3VwbG9hZHNcLzIwMTlcLzAyXC9jYWJfMXkyLTA4LmpwZyJ9\">\n\t\t\t\t\t\t\t<img loading=\"lazy\" decoding=\"async\" width=\"150\" height=\"150\" src=\"https:\/\/www.lugarquerido.com.ar\/alquilar-valeria\/wp-content\/uploads\/2019\/02\/cab_1y2-08-150x150.jpg\" class=\"elementor-animation-grow attachment-thumbnail size-thumbnail wp-image-524\" alt=\"dormitorio caba\u00f1a 1 y 2\" \/>\t\t\t\t\t\t\t\t<\/a>\n\t\t\t\t\t\t\t\t\t\t\t\t\t\t\t<\/div>\n\t\t\t\t<\/div>\n\t\t\t\t<div class=\"elementor-element elementor-element-be17cf1 elementor-widget elementor-widget-image\" data-id=\"be17cf1\" data-element_type=\"widget\" data-e-type=\"widget\" data-widget_type=\"image.default\">\n\t\t\t\t<div class=\"elementor-widget-container\">\n\t\t\t\t\t\t\t\t\t\t\t\t\t\t\t\t<a href=\"https:\/\/www.lugarquerido.com.ar\/alquilar-valeria\/wp-content\/uploads\/2019\/02\/cab_1y2-06.jpg\" data-elementor-open-lightbox=\"yes\" data-e-action-hash=\"#elementor-action%3Aaction%3Dlightbox%26settings%3DeyJpZCI6NTIyLCJ1cmwiOiJodHRwczpcL1wvd3d3Lmx1Z2FycXVlcmlkby5jb20uYXJcL2FscXVpbGFyLXZhbGVyaWFcL3dwLWNvbnRlbnRcL3VwbG9hZHNcLzIwMTlcLzAyXC9jYWJfMXkyLTA2LmpwZyJ9\">\n\t\t\t\t\t\t\t<img loading=\"lazy\" decoding=\"async\" width=\"150\" height=\"150\" src=\"https:\/\/www.lugarquerido.com.ar\/alquilar-valeria\/wp-content\/uploads\/2019\/02\/cab_1y2-06-150x150.jpg\" class=\"elementor-animation-grow attachment-thumbnail size-thumbnail wp-image-522\" alt=\"caba\u00f1a 1 y 2 dormitorio\" \/>\t\t\t\t\t\t\t\t<\/a>\n\t\t\t\t\t\t\t\t\t\t\t\t\t\t\t<\/div>\n\t\t\t\t<\/div>\n\t\t\t\t<div class=\"elementor-element elementor-element-26096ad elementor-widget elementor-widget-image\" data-id=\"26096ad\" data-element_type=\"widget\" data-e-type=\"widget\" data-widget_type=\"image.default\">\n\t\t\t\t<div class=\"elementor-widget-container\">\n\t\t\t\t\t\t\t\t\t\t\t\t\t\t\t\t<a href=\"https:\/\/www.lugarquerido.com.ar\/alquilar-valeria\/wp-content\/uploads\/2019\/02\/cab_1y2-05.jpg\" data-elementor-open-lightbox=\"yes\" data-e-action-hash=\"#elementor-action%3Aaction%3Dlightbox%26settings%3DeyJpZCI6NTIxLCJ1cmwiOiJodHRwczpcL1wvd3d3Lmx1Z2FycXVlcmlkby5jb20uYXJcL2FscXVpbGFyLXZhbGVyaWFcL3dwLWNvbnRlbnRcL3VwbG9hZHNcLzIwMTlcLzAyXC9jYWJfMXkyLTA1LmpwZyJ9\">\n\t\t\t\t\t\t\t<img loading=\"lazy\" decoding=\"async\" width=\"150\" height=\"150\" src=\"https:\/\/www.lugarquerido.com.ar\/alquilar-valeria\/wp-content\/uploads\/2019\/02\/cab_1y2-05-150x150.jpg\" class=\"elementor-animation-grow attachment-thumbnail size-thumbnail wp-image-521\" alt=\"caba\u00f1a 1 y 2 habitaci\u00f3n matrimonial\" \/>\t\t\t\t\t\t\t\t<\/a>\n\t\t\t\t\t\t\t\t\t\t\t\t\t\t\t<\/div>\n\t\t\t\t<\/div>\n\t\t\t\t\t<\/div>\n\t\t<\/div>\n\t\t\t\t<div class=\"elementor-column elementor-col-20 elementor-inner-column elementor-element elementor-element-2c822c8\" data-id=\"2c822c8\" data-element_type=\"column\" data-e-type=\"column\">\n\t\t\t<div class=\"elementor-widget-wrap elementor-element-populated\">\n\t\t\t\t\t\t<div class=\"elementor-element elementor-element-2708333 elementor-widget elementor-widget-image\" data-id=\"2708333\" data-element_type=\"widget\" data-e-type=\"widget\" data-widget_type=\"image.default\">\n\t\t\t\t<div class=\"elementor-widget-container\">\n\t\t\t\t\t\t\t\t\t\t\t\t\t\t\t\t<a href=\"https:\/\/www.lugarquerido.com.ar\/alquilar-valeria\/wp-content\/uploads\/2019\/12\/12049725_457797984404536_7152025413470948929_n.jpg\" data-elementor-open-lightbox=\"yes\" data-e-action-hash=\"#elementor-action%3Aaction%3Dlightbox%26settings%3DeyJpZCI6ODk5LCJ1cmwiOiJodHRwczpcL1wvd3d3Lmx1Z2FycXVlcmlkby5jb20uYXJcL2FscXVpbGFyLXZhbGVyaWFcL3dwLWNvbnRlbnRcL3VwbG9hZHNcLzIwMTlcLzEyXC8xMjA0OTcyNV80NTc3OTc5ODQ0MDQ1MzZfNzE1MjAyNTQxMzQ3MDk0ODkyOV9uLmpwZyJ9\">\n\t\t\t\t\t\t\t<img loading=\"lazy\" decoding=\"async\" width=\"150\" height=\"150\" src=\"https:\/\/www.lugarquerido.com.ar\/alquilar-valeria\/wp-content\/uploads\/2019\/12\/12049725_457797984404536_7152025413470948929_n-150x150.jpg\" class=\"elementor-animation-grow attachment-thumbnail size-thumbnail wp-image-899\" alt=\"living valeria\" \/>\t\t\t\t\t\t\t\t<\/a>\n\t\t\t\t\t\t\t\t\t\t\t\t\t\t\t<\/div>\n\t\t\t\t<\/div>\n\t\t\t\t<div class=\"elementor-element elementor-element-fdf6224 elementor-widget elementor-widget-image\" data-id=\"fdf6224\" data-element_type=\"widget\" data-e-type=\"widget\" data-widget_type=\"image.default\">\n\t\t\t\t<div class=\"elementor-widget-container\">\n\t\t\t\t\t\t\t\t\t\t\t\t\t\t\t\t<a href=\"https:\/\/www.lugarquerido.com.ar\/alquilar-valeria\/wp-content\/uploads\/2019\/12\/12191683_457797841071217_2673543430509153832_n.jpg\" data-elementor-open-lightbox=\"yes\" data-e-action-hash=\"#elementor-action%3Aaction%3Dlightbox%26settings%3DeyJpZCI6OTAyLCJ1cmwiOiJodHRwczpcL1wvd3d3Lmx1Z2FycXVlcmlkby5jb20uYXJcL2FscXVpbGFyLXZhbGVyaWFcL3dwLWNvbnRlbnRcL3VwbG9hZHNcLzIwMTlcLzEyXC8xMjE5MTY4M180NTc3OTc4NDEwNzEyMTdfMjY3MzU0MzQzMDUwOTE1MzgzMl9uLmpwZyJ9\">\n\t\t\t\t\t\t\t<img loading=\"lazy\" decoding=\"async\" width=\"150\" height=\"150\" src=\"https:\/\/www.lugarquerido.com.ar\/alquilar-valeria\/wp-content\/uploads\/2019\/12\/12191683_457797841071217_2673543430509153832_n-150x150.jpg\" class=\"elementor-animation-grow attachment-thumbnail size-thumbnail wp-image-902\" alt=\"Alquilar frente al Mar\" \/>\t\t\t\t\t\t\t\t<\/a>\n\t\t\t\t\t\t\t\t\t\t\t\t\t\t\t<\/div>\n\t\t\t\t<\/div>\n\t\t\t\t<div class=\"elementor-element elementor-element-eecc896 elementor-widget elementor-widget-image\" data-id=\"eecc896\" data-element_type=\"widget\" data-e-type=\"widget\" data-widget_type=\"image.default\">\n\t\t\t\t<div class=\"elementor-widget-container\">\n\t\t\t\t\t\t\t\t\t\t\t\t\t\t\t\t<a href=\"https:\/\/www.lugarquerido.com.ar\/alquilar-valeria\/wp-content\/uploads\/2019\/12\/12208573_457797824404552_5058646792617607127_n.jpg\" data-elementor-open-lightbox=\"yes\" data-e-action-hash=\"#elementor-action%3Aaction%3Dlightbox%26settings%3DeyJpZCI6OTAzLCJ1cmwiOiJodHRwczpcL1wvd3d3Lmx1Z2FycXVlcmlkby5jb20uYXJcL2FscXVpbGFyLXZhbGVyaWFcL3dwLWNvbnRlbnRcL3VwbG9hZHNcLzIwMTlcLzEyXC8xMjIwODU3M180NTc3OTc4MjQ0MDQ1NTJfNTA1ODY0Njc5MjYxNzYwNzEyN19uLmpwZyJ9\">\n\t\t\t\t\t\t\t<img loading=\"lazy\" decoding=\"async\" width=\"150\" height=\"150\" src=\"https:\/\/www.lugarquerido.com.ar\/alquilar-valeria\/wp-content\/uploads\/2019\/12\/12208573_457797824404552_5058646792617607127_n-150x150.jpg\" class=\"elementor-animation-grow attachment-thumbnail size-thumbnail wp-image-903\" alt=\"caba\u00f1as valeria\" \/>\t\t\t\t\t\t\t\t<\/a>\n\t\t\t\t\t\t\t\t\t\t\t\t\t\t\t<\/div>\n\t\t\t\t<\/div>\n\t\t\t\t\t<\/div>\n\t\t<\/div>\n\t\t\t\t<div class=\"elementor-column elementor-col-20 elementor-inner-column elementor-element elementor-element-1a2ffe1\" data-id=\"1a2ffe1\" data-element_type=\"column\" data-e-type=\"column\">\n\t\t\t<div class=\"elementor-widget-wrap elementor-element-populated\">\n\t\t\t\t\t\t<div class=\"elementor-element elementor-element-b427424 elementor-widget elementor-widget-image\" data-id=\"b427424\" data-element_type=\"widget\" data-e-type=\"widget\" data-widget_type=\"image.default\">\n\t\t\t\t<div class=\"elementor-widget-container\">\n\t\t\t\t\t\t\t\t\t\t\t\t\t\t\t\t<a href=\"https:\/\/www.lugarquerido.com.ar\/alquilar-valeria\/wp-content\/uploads\/2019\/02\/cab_1y2-07.jpg\" data-elementor-open-lightbox=\"yes\" data-e-action-hash=\"#elementor-action%3Aaction%3Dlightbox%26settings%3DeyJpZCI6NTIzLCJ1cmwiOiJodHRwczpcL1wvd3d3Lmx1Z2FycXVlcmlkby5jb20uYXJcL2FscXVpbGFyLXZhbGVyaWFcL3dwLWNvbnRlbnRcL3VwbG9hZHNcLzIwMTlcLzAyXC9jYWJfMXkyLTA3LmpwZyJ9\">\n\t\t\t\t\t\t\t<img loading=\"lazy\" decoding=\"async\" width=\"150\" height=\"150\" src=\"https:\/\/www.lugarquerido.com.ar\/alquilar-valeria\/wp-content\/uploads\/2019\/02\/cab_1y2-07-150x150.jpg\" class=\"elementor-animation-grow attachment-thumbnail size-thumbnail wp-image-523\" alt=\"dormitorio de caba\u00f1a 1 y 2\" \/>\t\t\t\t\t\t\t\t<\/a>\n\t\t\t\t\t\t\t\t\t\t\t\t\t\t\t<\/div>\n\t\t\t\t<\/div>\n\t\t\t\t<div class=\"elementor-element elementor-element-6708bb9 elementor-widget elementor-widget-image\" data-id=\"6708bb9\" data-element_type=\"widget\" data-e-type=\"widget\" data-widget_type=\"image.default\">\n\t\t\t\t<div class=\"elementor-widget-container\">\n\t\t\t\t\t\t\t\t\t\t\t\t\t\t\t\t<a href=\"https:\/\/www.lugarquerido.com.ar\/alquilar-valeria\/wp-content\/uploads\/2019\/12\/12191406_457797881071213_8721954644855882151_n.jpg\" data-elementor-open-lightbox=\"yes\" data-e-action-hash=\"#elementor-action%3Aaction%3Dlightbox%26settings%3DeyJpZCI6OTAwLCJ1cmwiOiJodHRwczpcL1wvd3d3Lmx1Z2FycXVlcmlkby5jb20uYXJcL2FscXVpbGFyLXZhbGVyaWFcL3dwLWNvbnRlbnRcL3VwbG9hZHNcLzIwMTlcLzEyXC8xMjE5MTQwNl80NTc3OTc4ODEwNzEyMTNfODcyMTk1NDY0NDg1NTg4MjE1MV9uLmpwZyJ9\">\n\t\t\t\t\t\t\t<img loading=\"lazy\" decoding=\"async\" width=\"150\" height=\"150\" src=\"https:\/\/www.lugarquerido.com.ar\/alquilar-valeria\/wp-content\/uploads\/2019\/12\/12191406_457797881071213_8721954644855882151_n-150x150.jpg\" class=\"elementor-animation-grow attachment-thumbnail size-thumbnail wp-image-900\" alt=\"caba\u00f1as en valeria del mar\" \/>\t\t\t\t\t\t\t\t<\/a>\n\t\t\t\t\t\t\t\t\t\t\t\t\t\t\t<\/div>\n\t\t\t\t<\/div>\n\t\t\t\t<div class=\"elementor-element elementor-element-268617b elementor-widget elementor-widget-image\" data-id=\"268617b\" data-element_type=\"widget\" data-e-type=\"widget\" data-widget_type=\"image.default\">\n\t\t\t\t<div class=\"elementor-widget-container\">\n\t\t\t\t\t\t\t\t\t\t\t\t\t\t\t\t<a href=\"https:\/\/www.lugarquerido.com.ar\/alquilar-valeria\/wp-content\/uploads\/2019\/02\/cab_1y2-09.jpg\" data-elementor-open-lightbox=\"yes\" data-e-action-hash=\"#elementor-action%3Aaction%3Dlightbox%26settings%3DeyJpZCI6NTI1LCJ1cmwiOiJodHRwczpcL1wvd3d3Lmx1Z2FycXVlcmlkby5jb20uYXJcL2FscXVpbGFyLXZhbGVyaWFcL3dwLWNvbnRlbnRcL3VwbG9hZHNcLzIwMTlcLzAyXC9jYWJfMXkyLTA5LmpwZyJ9\">\n\t\t\t\t\t\t\t<img loading=\"lazy\" decoding=\"async\" width=\"150\" height=\"150\" src=\"https:\/\/www.lugarquerido.com.ar\/alquilar-valeria\/wp-content\/uploads\/2019\/02\/cab_1y2-09-150x150.jpg\" class=\"elementor-animation-grow attachment-thumbnail size-thumbnail wp-image-525\" alt=\"ba\u00f1o caba\u00f1a 1 y 2\" \/>\t\t\t\t\t\t\t\t<\/a>\n\t\t\t\t\t\t\t\t\t\t\t\t\t\t\t<\/div>\n\t\t\t\t<\/div>\n\t\t\t\t\t<\/div>\n\t\t<\/div>\n\t\t\t\t\t<\/div>\n\t\t<\/section>\n\t\t\t\t<section class=\"elementor-section elementor-inner-section elementor-element elementor-element-ef92bd8 elementor-section-boxed elementor-section-height-default elementor-section-height-default\" data-id=\"ef92bd8\" data-element_type=\"section\" data-e-type=\"section\">\n\t\t\t\t\t\t<div class=\"elementor-container elementor-column-gap-extended\">\n\t\t\t\t\t<div class=\"elementor-column elementor-col-25 elementor-inner-column elementor-element elementor-element-534afd6\" data-id=\"534afd6\" data-element_type=\"column\" data-e-type=\"column\">\n\t\t\t<div class=\"elementor-widget-wrap\">\n\t\t\t\t\t\t\t<\/div>\n\t\t<\/div>\n\t\t\t\t<div class=\"elementor-column elementor-col-25 elementor-inner-column elementor-element elementor-element-1af3b94\" data-id=\"1af3b94\" data-element_type=\"column\" data-e-type=\"column\">\n\t\t\t<div class=\"elementor-widget-wrap elementor-element-populated\">\n\t\t\t\t\t\t<div class=\"elementor-element elementor-element-8796be7 elementor-align-justify elementor-widget elementor-widget-button\" data-id=\"8796be7\" data-element_type=\"widget\" data-e-type=\"widget\" data-widget_type=\"button.default\">\n\t\t\t\t<div class=\"elementor-widget-container\">\n\t\t\t\t\t\t\t\t\t<div class=\"elementor-button-wrapper\">\n\t\t\t\t\t<a class=\"elementor-button elementor-button-link elementor-size-sm elementor-animation-grow\" href=\"https:\/\/www.lugarquerido.com.ar\/alquilar-valeria\/cabana-3\">\n\t\t\t\t\t\t<span class=\"elementor-button-content-wrapper\">\n\t\t\t\t\t\t\t\t\t<span class=\"elementor-button-text\">Caba\u00f1a 3<\/span>\n\t\t\t\t\t<\/span>\n\t\t\t\t\t<\/a>\n\t\t\t\t<\/div>\n\t\t\t\t\t\t\t\t<\/div>\n\t\t\t\t<\/div>\n\t\t\t\t\t<\/div>\n\t\t<\/div>\n\t\t\t\t<div class=\"elementor-column elementor-col-25 elementor-inner-column elementor-element elementor-element-dc8b43c\" data-id=\"dc8b43c\" data-element_type=\"column\" data-e-type=\"column\">\n\t\t\t<div class=\"elementor-widget-wrap elementor-element-populated\">\n\t\t\t\t\t\t<div class=\"elementor-element elementor-element-667c998 elementor-align-justify elementor-widget elementor-widget-button\" data-id=\"667c998\" data-element_type=\"widget\" data-e-type=\"widget\" data-widget_type=\"button.default\">\n\t\t\t\t<div class=\"elementor-widget-container\">\n\t\t\t\t\t\t\t\t\t<div class=\"elementor-button-wrapper\">\n\t\t\t\t\t<a class=\"elementor-button elementor-button-link elementor-size-sm elementor-animation-grow\" href=\"https:\/\/www.lugarquerido.com.ar\/alquilar-valeria\/cabanas-4-y-5\">\n\t\t\t\t\t\t<span class=\"elementor-button-content-wrapper\">\n\t\t\t\t\t\t\t\t\t<span class=\"elementor-button-text\">Caba\u00f1as 4 y 5<\/span>\n\t\t\t\t\t<\/span>\n\t\t\t\t\t<\/a>\n\t\t\t\t<\/div>\n\t\t\t\t\t\t\t\t<\/div>\n\t\t\t\t<\/div>\n\t\t\t\t\t<\/div>\n\t\t<\/div>\n\t\t\t\t<div class=\"elementor-column elementor-col-25 elementor-inner-column elementor-element elementor-element-c23dd78\" data-id=\"c23dd78\" data-element_type=\"column\" data-e-type=\"column\">\n\t\t\t<div class=\"elementor-widget-wrap\">\n\t\t\t\t\t\t\t<\/div>\n\t\t<\/div>\n\t\t\t\t\t<\/div>\n\t\t<\/section>\n\t\t\t\t<div class=\"elementor-element elementor-element-832eb4b elementor-widget elementor-widget-spacer\" data-id=\"832eb4b\" data-element_type=\"widget\" data-e-type=\"widget\" data-widget_type=\"spacer.default\">\n\t\t\t\t<div class=\"elementor-widget-container\">\n\t\t\t\t\t\t\t<div class=\"elementor-spacer\">\n\t\t\t<div class=\"elementor-spacer-inner\"><\/div>\n\t\t<\/div>\n\t\t\t\t\t\t<\/div>\n\t\t\t\t<\/div>\n\t\t\t\t<div class=\"elementor-element elementor-element-eb3bc4f elementor-widget elementor-widget-text-editor\" data-id=\"eb3bc4f\" data-element_type=\"widget\" data-e-type=\"widget\" data-widget_type=\"text-editor.default\">\n\t\t\t\t<div class=\"elementor-widget-container\">\n\t\t\t\t\t\t\t\t\t<p style=\"text-align: center;\"><span style=\"color: #ffffff;\"><span style=\"color: #999999;\">Dise\u00f1o web Pinamar\u00a0<\/span><a style=\"color: #ffffff;\" href=\"https:\/\/estiloarte.com\/pagina\/\" target=\"_blank\" rel=\"noopener\"><span style=\"color: #999999;\">estiloArte<\/span><span style=\"color: #ff0000;\">.com<\/span><\/a><\/span> &#8211; <span style=\"color: #999999;\">2019<\/span><\/p>\t\t\t\t\t\t\t\t<\/div>\n\t\t\t\t<\/div>\n\t\t\t\t\t<\/div>\n\t\t<\/div>\n\t\t\t\t\t<\/div>\n\t\t<\/section>\n\t\t\t\t<section class=\"elementor-section elementor-top-section elementor-element elementor-element-0fd18d6 elementor-section-full_width elementor-hidden-desktop elementor-section-height-default elementor-section-height-default\" data-id=\"0fd18d6\" data-element_type=\"section\" data-e-type=\"section\" data-settings=\"{&quot;background_background&quot;:&quot;classic&quot;}\">\n\t\t\t\t\t\t<div class=\"elementor-container elementor-column-gap-default\">\n\t\t\t\t\t<div class=\"elementor-column elementor-col-100 elementor-top-column elementor-element elementor-element-133a43a\" data-id=\"133a43a\" data-element_type=\"column\" data-e-type=\"column\">\n\t\t\t<div class=\"elementor-widget-wrap elementor-element-populated\">\n\t\t\t\t\t\t<div class=\"elementor-element elementor-element-03110e9 elementor-widget elementor-widget-spacer\" data-id=\"03110e9\" data-element_type=\"widget\" data-e-type=\"widget\" data-widget_type=\"spacer.default\">\n\t\t\t\t<div class=\"elementor-widget-container\">\n\t\t\t\t\t\t\t<div class=\"elementor-spacer\">\n\t\t\t<div class=\"elementor-spacer-inner\"><\/div>\n\t\t<\/div>\n\t\t\t\t\t\t<\/div>\n\t\t\t\t<\/div>\n\t\t\t\t<div class=\"elementor-element elementor-element-ae9772a elementor-widget elementor-widget-heading\" data-id=\"ae9772a\" data-element_type=\"widget\" data-e-type=\"widget\" data-widget_type=\"heading.default\">\n\t\t\t\t<div class=\"elementor-widget-container\">\n\t\t\t\t\t<h1 class=\"elementor-heading-title elementor-size-default\">Caba\u00f1as 1 y 2<\/h1>\t\t\t\t<\/div>\n\t\t\t\t<\/div>\n\t\t\t\t<div class=\"elementor-element elementor-element-b7511af elementor-arrows-position-inside elementor-pagination-position-outside elementor-widget elementor-widget-image-carousel\" data-id=\"b7511af\" data-element_type=\"widget\" data-e-type=\"widget\" data-settings=\"{&quot;image_spacing_custom&quot;:{&quot;unit&quot;:&quot;px&quot;,&quot;size&quot;:9,&quot;sizes&quot;:[]},&quot;navigation&quot;:&quot;both&quot;,&quot;autoplay&quot;:&quot;yes&quot;,&quot;pause_on_hover&quot;:&quot;yes&quot;,&quot;pause_on_interaction&quot;:&quot;yes&quot;,&quot;autoplay_speed&quot;:5000,&quot;infinite&quot;:&quot;yes&quot;,&quot;speed&quot;:500,&quot;image_spacing_custom_tablet&quot;:{&quot;unit&quot;:&quot;px&quot;,&quot;size&quot;:&quot;&quot;,&quot;sizes&quot;:[]},&quot;image_spacing_custom_mobile&quot;:{&quot;unit&quot;:&quot;px&quot;,&quot;size&quot;:&quot;&quot;,&quot;sizes&quot;:[]}}\" data-widget_type=\"image-carousel.default\">\n\t\t\t\t<div class=\"elementor-widget-container\">\n\t\t\t\t\t\t\t<div class=\"elementor-image-carousel-wrapper swiper\" role=\"region\" aria-roledescription=\"carousel\" aria-label=\"Carrusel de im\u00e1genes\" dir=\"ltr\">\n\t\t\t<div class=\"elementor-image-carousel swiper-wrapper\" aria-live=\"off\">\n\t\t\t\t\t\t\t\t<div class=\"swiper-slide\" role=\"group\" aria-roledescription=\"slide\" aria-label=\"1 de 12\"><figure class=\"swiper-slide-inner\"><img decoding=\"async\" class=\"swiper-slide-image\" src=\"https:\/\/www.lugarquerido.com.ar\/alquilar-valeria\/wp-content\/uploads\/2019\/12\/12049725_457797984404536_7152025413470948929_n.jpg\" alt=\"living valeria\" \/><\/figure><\/div><div class=\"swiper-slide\" role=\"group\" aria-roledescription=\"slide\" aria-label=\"2 de 12\"><figure class=\"swiper-slide-inner\"><img decoding=\"async\" class=\"swiper-slide-image\" src=\"https:\/\/www.lugarquerido.com.ar\/alquilar-valeria\/wp-content\/uploads\/2019\/12\/12189049_457797907737877_3413543637636721329_n.jpg\" alt=\"cocina valeria\" \/><\/figure><\/div><div class=\"swiper-slide\" role=\"group\" aria-roledescription=\"slide\" aria-label=\"3 de 12\"><figure class=\"swiper-slide-inner\"><img decoding=\"async\" class=\"swiper-slide-image\" src=\"https:\/\/www.lugarquerido.com.ar\/alquilar-valeria\/wp-content\/uploads\/2019\/02\/cab_1y2-11.jpg\" alt=\"deck caba\u00f1a 1 y 2 valeria\" \/><\/figure><\/div><div class=\"swiper-slide\" role=\"group\" aria-roledescription=\"slide\" aria-label=\"4 de 12\"><figure class=\"swiper-slide-inner\"><img decoding=\"async\" class=\"swiper-slide-image\" src=\"https:\/\/www.lugarquerido.com.ar\/alquilar-valeria\/wp-content\/uploads\/2019\/02\/cab_1y2-10.jpg\" alt=\"parrilla y deck caba\u00f1a 1 y 2\" \/><\/figure><\/div><div class=\"swiper-slide\" role=\"group\" aria-roledescription=\"slide\" aria-label=\"5 de 12\"><figure class=\"swiper-slide-inner\"><img decoding=\"async\" class=\"swiper-slide-image\" src=\"https:\/\/www.lugarquerido.com.ar\/alquilar-valeria\/wp-content\/uploads\/2019\/02\/cab_1y2-09.jpg\" alt=\"ba\u00f1o caba\u00f1a 1 y 2\" \/><\/figure><\/div><div class=\"swiper-slide\" role=\"group\" aria-roledescription=\"slide\" aria-label=\"6 de 12\"><figure class=\"swiper-slide-inner\"><img decoding=\"async\" class=\"swiper-slide-image\" src=\"https:\/\/www.lugarquerido.com.ar\/alquilar-valeria\/wp-content\/uploads\/2019\/02\/cab_1y2-08.jpg\" alt=\"dormitorio caba\u00f1a 1 y 2\" \/><\/figure><\/div><div class=\"swiper-slide\" role=\"group\" aria-roledescription=\"slide\" aria-label=\"7 de 12\"><figure class=\"swiper-slide-inner\"><img decoding=\"async\" class=\"swiper-slide-image\" src=\"https:\/\/www.lugarquerido.com.ar\/alquilar-valeria\/wp-content\/uploads\/2019\/02\/cab_1y2-06.jpg\" alt=\"caba\u00f1a 1 y 2 dormitorio\" \/><\/figure><\/div><div class=\"swiper-slide\" role=\"group\" aria-roledescription=\"slide\" aria-label=\"8 de 12\"><figure class=\"swiper-slide-inner\"><img decoding=\"async\" class=\"swiper-slide-image\" src=\"https:\/\/www.lugarquerido.com.ar\/alquilar-valeria\/wp-content\/uploads\/2019\/02\/cab_1y2-05.jpg\" alt=\"caba\u00f1a 1 y 2 habitaci\u00f3n matrimonial\" \/><\/figure><\/div><div class=\"swiper-slide\" role=\"group\" aria-roledescription=\"slide\" aria-label=\"9 de 12\"><figure class=\"swiper-slide-inner\"><img decoding=\"async\" class=\"swiper-slide-image\" src=\"https:\/\/www.lugarquerido.com.ar\/alquilar-valeria\/wp-content\/uploads\/2019\/02\/cab_1y2-07.jpg\" alt=\"dormitorio de caba\u00f1a 1 y 2\" \/><\/figure><\/div><div class=\"swiper-slide\" role=\"group\" aria-roledescription=\"slide\" aria-label=\"10 de 12\"><figure class=\"swiper-slide-inner\"><img decoding=\"async\" class=\"swiper-slide-image\" src=\"https:\/\/www.lugarquerido.com.ar\/alquilar-valeria\/wp-content\/uploads\/2019\/12\/12208573_457797824404552_5058646792617607127_n.jpg\" alt=\"caba\u00f1as valeria\" \/><\/figure><\/div><div class=\"swiper-slide\" role=\"group\" aria-roledescription=\"slide\" aria-label=\"11 de 12\"><figure class=\"swiper-slide-inner\"><img decoding=\"async\" class=\"swiper-slide-image\" src=\"https:\/\/www.lugarquerido.com.ar\/alquilar-valeria\/wp-content\/uploads\/2019\/12\/12191406_457797881071213_8721954644855882151_n.jpg\" alt=\"caba\u00f1as en valeria del mar\" \/><\/figure><\/div><div class=\"swiper-slide\" role=\"group\" aria-roledescription=\"slide\" aria-label=\"12 de 12\"><figure class=\"swiper-slide-inner\"><img decoding=\"async\" class=\"swiper-slide-image\" src=\"https:\/\/www.lugarquerido.com.ar\/alquilar-valeria\/wp-content\/uploads\/2019\/12\/12191683_457797841071217_2673543430509153832_n.jpg\" alt=\"Alquilar frente al Mar\" \/><\/figure><\/div>\t\t\t<\/div>\n\t\t\t\t\t\t\t\t\t\t\t\t<div class=\"elementor-swiper-button elementor-swiper-button-prev\" role=\"button\" tabindex=\"0\">\n\t\t\t\t\t\t<i aria-hidden=\"true\" class=\"eicon-chevron-left\"><\/i>\t\t\t\t\t<\/div>\n\t\t\t\t\t<div class=\"elementor-swiper-button elementor-swiper-button-next\" role=\"button\" tabindex=\"0\">\n\t\t\t\t\t\t<i aria-hidden=\"true\" class=\"eicon-chevron-right\"><\/i>\t\t\t\t\t<\/div>\n\t\t\t\t\n\t\t\t\t\t\t\t\t\t<div class=\"swiper-pagination\"><\/div>\n\t\t\t\t\t\t\t\t\t<\/div>\n\t\t\t\t\t\t<\/div>\n\t\t\t\t<\/div>\n\t\t\t\t<div class=\"elementor-element elementor-element-3c3f7fd elementor-widget elementor-widget-text-editor\" data-id=\"3c3f7fd\" data-element_type=\"widget\" data-e-type=\"widget\" data-widget_type=\"text-editor.default\">\n\t\t\t\t<div class=\"elementor-widget-container\">\n\t\t\t\t\t\t\t\t\t<p style=\"text-align: center;\">Capacidad m\u00e1xima: 5 personas<br \/>2 d\u00faplex de 56 mts2 ubicados al frente del complejo<\/p><h1 style=\"text-align: center;\"><span style=\"color: #f08832;\">Planta Alta<\/span><\/h1><p style=\"text-align: center;\">&#8211; Dormitorio matrimonial c\/ balc\u00f3n<br \/>&#8211; Dormitorio con una cama cucheta (marinera)<br \/>&#8211; 1 cama simple<br \/>&#8211; Placard en cada cuarto<br \/>-Entrepiso de madera<br \/>&#8211; Escalera caracol<br \/>&#8211; Cierre de seguridad para ni\u00f1os<\/p><h1 style=\"text-align: center;\"><span style=\"color: #f08832;\">Planta Baja<\/span><\/h1><p style=\"text-align: center;\">&#8211; Living comedor<br \/>&#8211; 1 sill\u00f3n de dos cuerpos<br \/>&#8211; Mesa redonda con cinco sillas<br \/>&#8211; Calefactor<br \/>&#8211; Ba\u00f1o completo con ducha<br \/>&#8211; Cocina<\/p><h1 style=\"text-align: center;\"><span style=\"color: #f08832;\">Exterior\u00a0<\/span><\/h1><p style=\"text-align: center;\">&#8211; Lavadero techado<br \/>&#8211; Parrilla<br \/>&#8211; Deck con mesa y sillas de jard\u00edn<\/p>\t\t\t\t\t\t\t\t<\/div>\n\t\t\t\t<\/div>\n\t\t\t\t<section class=\"elementor-section elementor-inner-section elementor-element elementor-element-0a80916 elementor-section-boxed elementor-section-height-default elementor-section-height-default\" data-id=\"0a80916\" data-element_type=\"section\" data-e-type=\"section\">\n\t\t\t\t\t\t<div class=\"elementor-container elementor-column-gap-default\">\n\t\t\t\t\t<div class=\"elementor-column elementor-col-50 elementor-inner-column elementor-element elementor-element-4a7e5e1\" data-id=\"4a7e5e1\" data-element_type=\"column\" data-e-type=\"column\">\n\t\t\t<div class=\"elementor-widget-wrap elementor-element-populated\">\n\t\t\t\t\t\t<div class=\"elementor-element elementor-element-f6eb7aa elementor-align-justify elementor-widget elementor-widget-button\" data-id=\"f6eb7aa\" data-element_type=\"widget\" data-e-type=\"widget\" data-widget_type=\"button.default\">\n\t\t\t\t<div class=\"elementor-widget-container\">\n\t\t\t\t\t\t\t\t\t<div class=\"elementor-button-wrapper\">\n\t\t\t\t\t<a class=\"elementor-button elementor-button-link elementor-size-sm elementor-animation-grow\" href=\"https:\/\/www.lugarquerido.com.ar\/alquilar-valeria\/cabana-3\">\n\t\t\t\t\t\t<span class=\"elementor-button-content-wrapper\">\n\t\t\t\t\t\t\t\t\t<span class=\"elementor-button-text\">Caba\u00f1a 3<\/span>\n\t\t\t\t\t<\/span>\n\t\t\t\t\t<\/a>\n\t\t\t\t<\/div>\n\t\t\t\t\t\t\t\t<\/div>\n\t\t\t\t<\/div>\n\t\t\t\t\t<\/div>\n\t\t<\/div>\n\t\t\t\t<div class=\"elementor-column elementor-col-50 elementor-inner-column elementor-element elementor-element-78338a7\" data-id=\"78338a7\" data-element_type=\"column\" data-e-type=\"column\">\n\t\t\t<div class=\"elementor-widget-wrap elementor-element-populated\">\n\t\t\t\t\t\t<div class=\"elementor-element elementor-element-83f4d15 elementor-align-justify elementor-widget elementor-widget-button\" data-id=\"83f4d15\" data-element_type=\"widget\" data-e-type=\"widget\" data-widget_type=\"button.default\">\n\t\t\t\t<div class=\"elementor-widget-container\">\n\t\t\t\t\t\t\t\t\t<div class=\"elementor-button-wrapper\">\n\t\t\t\t\t<a class=\"elementor-button elementor-button-link elementor-size-sm elementor-animation-grow\" href=\"https:\/\/www.lugarquerido.com.ar\/alquilar-valeria\/cabanas-4-y-5\">\n\t\t\t\t\t\t<span class=\"elementor-button-content-wrapper\">\n\t\t\t\t\t\t\t\t\t<span class=\"elementor-button-text\">Caba\u00f1as 4 y 5<\/span>\n\t\t\t\t\t<\/span>\n\t\t\t\t\t<\/a>\n\t\t\t\t<\/div>\n\t\t\t\t\t\t\t\t<\/div>\n\t\t\t\t<\/div>\n\t\t\t\t\t<\/div>\n\t\t<\/div>\n\t\t\t\t\t<\/div>\n\t\t<\/section>\n\t\t\t\t<div class=\"elementor-element elementor-element-428d805 elementor-widget elementor-widget-text-editor\" data-id=\"428d805\" data-element_type=\"widget\" data-e-type=\"widget\" data-widget_type=\"text-editor.default\">\n\t\t\t\t<div class=\"elementor-widget-container\">\n\t\t\t\t\t\t\t\t\t<p style=\"text-align: center;\"><span style=\"color: #ffffff;\"><span style=\"color: #999999;\">Dise\u00f1o web Pinamar\u00a0<\/span><a style=\"color: #ffffff;\" href=\"https:\/\/estiloarte.com\/pagina\/\" target=\"_blank\" rel=\"noopener\"><span style=\"color: #999999;\">estiloArte<\/span><span style=\"color: #ff0000;\">.com<\/span><\/a><\/span> &#8211; <span style=\"color: #999999;\">2019<\/span><\/p>\t\t\t\t\t\t\t\t<\/div>\n\t\t\t\t<\/div>\n\t\t\t\t\t<\/div>\n\t\t<\/div>\n\t\t\t\t\t<\/div>\n\t\t<\/section>\n\t\t\t\t<\/div>\n\t\t","protected":false},"excerpt":{"rendered":"<p>Caba\u00f1as 1 y 2 Capacidad m\u00e1xima: 5 personas 2 d\u00faplex de 56 mts2 al frente del complejo Caba\u00f1a Planta Alta &#8211; Dormitorio matrimonial c\/ balc\u00f3n &#8211; Dormitorio con una cama cucheta (marinera) &#8211; 1 cama simple &#8211; Placard en cada cuarto -Entrepiso de madera &#8211; Escalera caracol &#8211; Cierre de seguridad para ni\u00f1os Caba\u00f1a Planta [&hellip;]<\/p>\n","protected":false},"author":2,"featured_media":0,"parent":0,"menu_order":0,"comment_status":"closed","ping_status":"closed","template":"","meta":{"ocean_post_layout":"full-screen","ocean_both_sidebars_style":"","ocean_both_sidebars_content_width":0,"ocean_both_sidebars_sidebars_width":0,"ocean_sidebar":"0","ocean_second_sidebar":"0","ocean_disable_margins":"on","ocean_add_body_class":"","ocean_shortcode_before_top_bar":"","ocean_shortcode_after_top_bar":"","ocean_shortcode_before_header":"","ocean_shortcode_after_header":"","ocean_has_shortcode":"","ocean_shortcode_after_title":"","ocean_shortcode_before_footer_widgets":"","ocean_shortcode_after_footer_widgets":"","ocean_shortcode_before_footer_bottom":"","ocean_shortcode_after_footer_bottom":"","ocean_display_top_bar":"default","ocean_display_header":"default","ocean_header_style":"","ocean_center_header_left_menu":"0","ocean_custom_header_template":"0","ocean_custom_logo":0,"ocean_custom_retina_logo":0,"ocean_custom_logo_max_width":0,"ocean_custom_logo_tablet_max_width":0,"ocean_custom_logo_mobile_max_width":0,"ocean_custom_logo_max_height":0,"ocean_custom_logo_tablet_max_height":0,"ocean_custom_logo_mobile_max_height":0,"ocean_header_custom_menu":"0","ocean_menu_typo_font_family":"0","ocean_menu_typo_font_subset":"","ocean_menu_typo_font_size":0,"ocean_menu_typo_font_size_tablet":0,"ocean_menu_typo_font_size_mobile":0,"ocean_menu_typo_font_size_unit":"px","ocean_menu_typo_font_weight":"","ocean_menu_typo_font_weight_tablet":"","ocean_menu_typo_font_weight_mobile":"","ocean_menu_typo_transform":"","ocean_menu_typo_transform_tablet":"","ocean_menu_typo_transform_mobile":"","ocean_menu_typo_line_height":0,"ocean_menu_typo_line_height_tablet":0,"ocean_menu_typo_line_height_mobile":0,"ocean_menu_typo_line_height_unit":"","ocean_menu_typo_spacing":0,"ocean_menu_typo_spacing_tablet":0,"ocean_menu_typo_spacing_mobile":0,"ocean_menu_typo_spacing_unit":"","ocean_menu_link_color":"","ocean_menu_link_color_hover":"","ocean_menu_link_color_active":"","ocean_menu_link_background":"","ocean_menu_link_hover_background":"","ocean_menu_link_active_background":"","ocean_menu_social_links_bg":"","ocean_menu_social_hover_links_bg":"","ocean_menu_social_links_color":"","ocean_menu_social_hover_links_color":"","ocean_disable_title":"default","ocean_disable_heading":"default","ocean_post_title":"","ocean_post_subheading":"","ocean_post_title_style":"","ocean_post_title_background_color":"","ocean_post_title_background":0,"ocean_post_title_bg_image_position":"","ocean_post_title_bg_image_attachment":"","ocean_post_title_bg_image_repeat":"","ocean_post_title_bg_image_size":"","ocean_post_title_height":0,"ocean_post_title_bg_overlay":0.5,"ocean_post_title_bg_overlay_color":"","ocean_disable_breadcrumbs":"default","ocean_breadcrumbs_color":"","ocean_breadcrumbs_separator_color":"","ocean_breadcrumbs_links_color":"","ocean_breadcrumbs_links_hover_color":"","ocean_display_footer_widgets":"default","ocean_display_footer_bottom":"default","ocean_custom_footer_template":"0","footnotes":""},"class_list":["post-274","page","type-page","status-publish","hentry","entry"],"_links":{"self":[{"href":"https:\/\/www.lugarquerido.com.ar\/alquilar-valeria\/wp-json\/wp\/v2\/pages\/274","targetHints":{"allow":["GET"]}}],"collection":[{"href":"https:\/\/www.lugarquerido.com.ar\/alquilar-valeria\/wp-json\/wp\/v2\/pages"}],"about":[{"href":"https:\/\/www.lugarquerido.com.ar\/alquilar-valeria\/wp-json\/wp\/v2\/types\/page"}],"author":[{"embeddable":true,"href":"https:\/\/www.lugarquerido.com.ar\/alquilar-valeria\/wp-json\/wp\/v2\/users\/2"}],"replies":[{"embeddable":true,"href":"https:\/\/www.lugarquerido.com.ar\/alquilar-valeria\/wp-json\/wp\/v2\/comments?post=274"}],"version-history":[{"count":5,"href":"https:\/\/www.lugarquerido.com.ar\/alquilar-valeria\/wp-json\/wp\/v2\/pages\/274\/revisions"}],"predecessor-version":[{"id":924,"href":"https:\/\/www.lugarquerido.com.ar\/alquilar-valeria\/wp-json\/wp\/v2\/pages\/274\/revisions\/924"}],"wp:attachment":[{"href":"https:\/\/www.lugarquerido.com.ar\/alquilar-valeria\/wp-json\/wp\/v2\/media?parent=274"}],"curies":[{"name":"wp","href":"https:\/\/api.w.org\/{rel}","templated":true}]}}